{"id":14226,"date":"2024-02-15T18:39:29","date_gmt":"2024-02-15T17:39:29","guid":{"rendered":"https:\/\/amayaforkids.com\/atelier\/"},"modified":"2026-03-27T11:29:24","modified_gmt":"2026-03-27T10:29:24","slug":"atelier","status":"publish","type":"page","link":"https:\/\/amayaforkids.com\/en\/atelier\/","title":{"rendered":"Atelier"},"content":{"rendered":"<div data-elementor-type=\"wp-page\" data-elementor-id=\"14226\" class=\"elementor elementor-14226\" data-elementor-post-type=\"page\">\n\t\t\t\t<div class=\"elementor-element elementor-element-85e3c7f e-con-full promotion-banner-container e-flex e-con e-parent\" data-id=\"85e3c7f\" data-element_type=\"container\" data-e-type=\"container\" data-settings=\"{&quot;background_background&quot;:&quot;classic&quot;}\">\n\t\t<div class=\"elementor-element elementor-element-d439fda e-con-full cluster-promotion-banner e-flex e-con e-child\" data-id=\"d439fda\" data-element_type=\"container\" data-e-type=\"container\" data-settings=\"{&quot;background_background&quot;:&quot;classic&quot;}\">\n\t\t\t\t<div class=\"elementor-element elementor-element-81aa39a elementor-widget elementor-widget-heading\" data-id=\"81aa39a\" data-element_type=\"widget\" data-e-type=\"widget\" data-widget_type=\"heading.default\">\n\t\t\t\t<div class=\"elementor-widget-container\">\n\t\t\t\t\t<h1 class=\"elementor-heading-title elementor-size-default\">Atelier<\/h1>\t\t\t\t<\/div>\n\t\t\t\t<\/div>\n\t\t\t\t<\/div>\n\t\t<div class=\"elementor-element elementor-element-9a42399 e-con-full elementor-hidden-mobile e-flex e-con e-child\" data-id=\"9a42399\" data-element_type=\"container\" data-e-type=\"container\" data-settings=\"{&quot;background_background&quot;:&quot;classic&quot;}\">\n\t\t\t\t<\/div>\n\t\t\t\t<\/div>\n\t\t<div class=\"elementor-element elementor-element-60232b6 e-con-full e-flex e-con e-parent\" data-id=\"60232b6\" data-element_type=\"container\" data-e-type=\"container\">\n\t\t<div class=\"elementor-element elementor-element-ecb2f45 e-con-full e-flex e-con e-child\" data-id=\"ecb2f45\" data-element_type=\"container\" data-e-type=\"container\">\n\t\t\t\t<div class=\"elementor-element elementor-element-eaf689a elementor-widget elementor-widget-image\" data-id=\"eaf689a\" data-element_type=\"widget\" data-e-type=\"widget\" data-widget_type=\"image.default\">\n\t\t\t\t<div class=\"elementor-widget-container\">\n\t\t\t\t\t\t\t\t\t\t\t\t\t\t\t<img loading=\"lazy\" decoding=\"async\" width=\"2028\" height=\"1340\" src=\"https:\/\/amayaforkids.com\/wp-content\/uploads\/2026\/03\/SECCION_ATELIER_IMG_10.jpg\" class=\"attachment-full size-full wp-image-28302\" alt=\"\" srcset=\"https:\/\/amayaforkids.com\/wp-content\/uploads\/2026\/03\/SECCION_ATELIER_IMG_10.jpg 2028w, https:\/\/amayaforkids.com\/wp-content\/uploads\/2026\/03\/SECCION_ATELIER_IMG_10-500x330.jpg 500w, https:\/\/amayaforkids.com\/wp-content\/uploads\/2026\/03\/SECCION_ATELIER_IMG_10-1024x677.jpg 1024w, https:\/\/amayaforkids.com\/wp-content\/uploads\/2026\/03\/SECCION_ATELIER_IMG_10-768x507.jpg 768w, https:\/\/amayaforkids.com\/wp-content\/uploads\/2026\/03\/SECCION_ATELIER_IMG_10-1536x1015.jpg 1536w, https:\/\/amayaforkids.com\/wp-content\/uploads\/2026\/03\/SECCION_ATELIER_IMG_10-18x12.jpg 18w, https:\/\/amayaforkids.com\/wp-content\/uploads\/2026\/03\/SECCION_ATELIER_IMG_10-1200x793.jpg 1200w, https:\/\/amayaforkids.com\/wp-content\/uploads\/2026\/03\/SECCION_ATELIER_IMG_10-300x198.jpg 300w, https:\/\/amayaforkids.com\/wp-content\/uploads\/2026\/03\/SECCION_ATELIER_IMG_10-64x42.jpg 64w\" sizes=\"auto, (max-width: 2028px) 100vw, 2028px\" \/>\t\t\t\t\t\t\t\t\t\t\t\t\t\t\t<\/div>\n\t\t\t\t<\/div>\n\t\t\t\t<\/div>\n\t\t<div class=\"elementor-element elementor-element-c5d0329 e-con-full e-flex e-con e-child\" data-id=\"c5d0329\" data-element_type=\"container\" data-e-type=\"container\">\n\t\t\t\t<div class=\"elementor-element elementor-element-4af72eb elementor-widget elementor-widget-heading\" data-id=\"4af72eb\" data-element_type=\"widget\" data-e-type=\"widget\" data-widget_type=\"heading.default\">\n\t\t\t\t<div class=\"elementor-widget-container\">\n\t\t\t\t\t<h2 class=\"elementor-heading-title elementor-size-default\">40 EDICI\u00d3N PREMIOS GOYA<\/h2>\t\t\t\t<\/div>\n\t\t\t\t<\/div>\n\t\t\t\t<div class=\"elementor-element elementor-element-fd1dd8e elementor-widget__width-initial elementor-widget elementor-widget-text-editor\" data-id=\"fd1dd8e\" data-element_type=\"widget\" data-e-type=\"widget\" data-widget_type=\"text-editor.default\">\n\t\t\t\t<div class=\"elementor-widget-container\">\n\t\t\t\t\t\t\t\t\t<p>El modelo Tulipa representa la m\u00e1xima expresi\u00f3n de la Alta Costura de Amaya S\u00e1nchez, una creaci\u00f3n exclusiva de Amaya Couture dise\u00f1ada para Sof\u00eda Otero con motivo de la 40 Edici\u00f3n de los Premios Goya. Concebido a trav\u00e9s de un meticuloso proceso creativo, este dise\u00f1o pone en valor la excelencia del trabajo artesanal, donde cada detalle se cuida con precisi\u00f3n para potenciar la luz y personalidad de quien lo viste. Una pieza \u00fanica que refleja la esencia de la moda de autor y el compromiso de la firma con la exclusividad y la sofisticaci\u00f3n.<\/p>\t\t\t\t\t\t\t\t<\/div>\n\t\t\t\t<\/div>\n\t\t\t\t<\/div>\n\t\t\t\t<\/div>\n\t\t<div class=\"elementor-element elementor-element-e3acf50 e-con-full e-flex e-con e-parent\" data-id=\"e3acf50\" data-element_type=\"container\" data-e-type=\"container\">\n\t\t<div class=\"elementor-element elementor-element-5aa0e6d e-con-full e-flex e-con e-child\" data-id=\"5aa0e6d\" data-element_type=\"container\" data-e-type=\"container\">\n\t\t\t\t<div class=\"elementor-element elementor-element-4dd8966 elementor-widget elementor-widget-image\" data-id=\"4dd8966\" data-element_type=\"widget\" data-e-type=\"widget\" data-widget_type=\"image.default\">\n\t\t\t\t<div class=\"elementor-widget-container\">\n\t\t\t\t\t\t\t\t\t\t\t\t\t\t\t<img loading=\"lazy\" decoding=\"async\" width=\"2028\" height=\"1340\" src=\"https:\/\/amayaforkids.com\/wp-content\/uploads\/2026\/03\/SECCION_ATELIER_IMG_09.jpg\" class=\"attachment-full size-full wp-image-28301\" alt=\"\" srcset=\"https:\/\/amayaforkids.com\/wp-content\/uploads\/2026\/03\/SECCION_ATELIER_IMG_09.jpg 2028w, https:\/\/amayaforkids.com\/wp-content\/uploads\/2026\/03\/SECCION_ATELIER_IMG_09-500x330.jpg 500w, https:\/\/amayaforkids.com\/wp-content\/uploads\/2026\/03\/SECCION_ATELIER_IMG_09-1024x677.jpg 1024w, https:\/\/amayaforkids.com\/wp-content\/uploads\/2026\/03\/SECCION_ATELIER_IMG_09-768x507.jpg 768w, https:\/\/amayaforkids.com\/wp-content\/uploads\/2026\/03\/SECCION_ATELIER_IMG_09-1536x1015.jpg 1536w, https:\/\/amayaforkids.com\/wp-content\/uploads\/2026\/03\/SECCION_ATELIER_IMG_09-18x12.jpg 18w, https:\/\/amayaforkids.com\/wp-content\/uploads\/2026\/03\/SECCION_ATELIER_IMG_09-1200x793.jpg 1200w, https:\/\/amayaforkids.com\/wp-content\/uploads\/2026\/03\/SECCION_ATELIER_IMG_09-300x198.jpg 300w, https:\/\/amayaforkids.com\/wp-content\/uploads\/2026\/03\/SECCION_ATELIER_IMG_09-64x42.jpg 64w\" sizes=\"auto, (max-width: 2028px) 100vw, 2028px\" \/>\t\t\t\t\t\t\t\t\t\t\t\t\t\t\t<\/div>\n\t\t\t\t<\/div>\n\t\t\t\t<\/div>\n\t\t<div class=\"elementor-element elementor-element-5fb6369 e-con-full e-flex e-con e-child\" data-id=\"5fb6369\" data-element_type=\"container\" data-e-type=\"container\">\n\t\t\t\t<div class=\"elementor-element elementor-element-cb47c12 elementor-widget elementor-widget-heading\" data-id=\"cb47c12\" data-element_type=\"widget\" data-e-type=\"widget\" data-widget_type=\"heading.default\">\n\t\t\t\t<div class=\"elementor-widget-container\">\n\t\t\t\t\t<h2 class=\"elementor-heading-title elementor-size-default\">BRILLANDO CON LUZ PROPIA<\/h2>\t\t\t\t<\/div>\n\t\t\t\t<\/div>\n\t\t\t\t<div class=\"elementor-element elementor-element-f7d19fc elementor-widget__width-initial elementor-widget elementor-widget-text-editor\" data-id=\"f7d19fc\" data-element_type=\"widget\" data-e-type=\"widget\" data-widget_type=\"text-editor.default\">\n\t\t\t\t<div class=\"elementor-widget-container\">\n\t\t\t\t\t\t\t\t\t<p>El dise\u00f1o de Alta Costura de Amaya S\u00e1nchez volvi\u00f3 a destacar como pieza central en el evento Fogueres en Nadal Infantil, donde Lola Iniesta Miralles, Belleza 26 de Passeig de G\u00f3miz, luci\u00f3 una creaci\u00f3n exclusiva de Amaya Couture que capt\u00f3 todas las miradas. Elaborado en tul floral bordado y terciopelo de algod\u00f3n org\u00e1nico, el vestido se distingu\u00eda por sus delicadas flores en 3D con p\u00e9talos en cascada, cosidos a mano por nuestras artesanas, reflejando la excelencia y el valor de la confecci\u00f3n artesanal. El conjunto se completaba con un abrigo exclusivo de pelo corto con detalles florales aplicados manualmente, consolidando una propuesta sofisticada y \u00fanica que elev\u00f3 la presencia de Lola y puso en valor la esencia de la moda de autor.<\/p>\t\t\t\t\t\t\t\t<\/div>\n\t\t\t\t<\/div>\n\t\t\t\t<\/div>\n\t\t\t\t<\/div>\n\t\t<div class=\"elementor-element elementor-element-d7fa2ca e-con-full e-flex e-con e-parent\" data-id=\"d7fa2ca\" data-element_type=\"container\" data-e-type=\"container\">\n\t\t<div class=\"elementor-element elementor-element-f18df6f e-con-full e-flex e-con e-child\" data-id=\"f18df6f\" data-element_type=\"container\" data-e-type=\"container\">\n\t\t\t\t<div class=\"elementor-element elementor-element-4cdf5cd elementor-widget elementor-widget-image\" data-id=\"4cdf5cd\" data-element_type=\"widget\" data-e-type=\"widget\" data-widget_type=\"image.default\">\n\t\t\t\t<div class=\"elementor-widget-container\">\n\t\t\t\t\t\t\t\t\t\t\t\t\t\t\t<img loading=\"lazy\" decoding=\"async\" width=\"2028\" height=\"1340\" src=\"https:\/\/amayaforkids.com\/wp-content\/uploads\/2026\/03\/SECCION_ATELIER_IMG_08B.jpg\" class=\"attachment-full size-full wp-image-28300\" alt=\"\" srcset=\"https:\/\/amayaforkids.com\/wp-content\/uploads\/2026\/03\/SECCION_ATELIER_IMG_08B.jpg 2028w, https:\/\/amayaforkids.com\/wp-content\/uploads\/2026\/03\/SECCION_ATELIER_IMG_08B-500x330.jpg 500w, https:\/\/amayaforkids.com\/wp-content\/uploads\/2026\/03\/SECCION_ATELIER_IMG_08B-1024x677.jpg 1024w, https:\/\/amayaforkids.com\/wp-content\/uploads\/2026\/03\/SECCION_ATELIER_IMG_08B-768x507.jpg 768w, https:\/\/amayaforkids.com\/wp-content\/uploads\/2026\/03\/SECCION_ATELIER_IMG_08B-1536x1015.jpg 1536w, https:\/\/amayaforkids.com\/wp-content\/uploads\/2026\/03\/SECCION_ATELIER_IMG_08B-18x12.jpg 18w, https:\/\/amayaforkids.com\/wp-content\/uploads\/2026\/03\/SECCION_ATELIER_IMG_08B-1200x793.jpg 1200w, https:\/\/amayaforkids.com\/wp-content\/uploads\/2026\/03\/SECCION_ATELIER_IMG_08B-300x198.jpg 300w, https:\/\/amayaforkids.com\/wp-content\/uploads\/2026\/03\/SECCION_ATELIER_IMG_08B-64x42.jpg 64w\" sizes=\"auto, (max-width: 2028px) 100vw, 2028px\" \/>\t\t\t\t\t\t\t\t\t\t\t\t\t\t\t<\/div>\n\t\t\t\t<\/div>\n\t\t\t\t<\/div>\n\t\t<div class=\"elementor-element elementor-element-24818b3 e-con-full e-flex e-con e-child\" data-id=\"24818b3\" data-element_type=\"container\" data-e-type=\"container\">\n\t\t\t\t<div class=\"elementor-element elementor-element-3de088a elementor-widget elementor-widget-heading\" data-id=\"3de088a\" data-element_type=\"widget\" data-e-type=\"widget\" data-widget_type=\"heading.default\">\n\t\t\t\t<div class=\"elementor-widget-container\">\n\t\t\t\t\t<h2 class=\"elementor-heading-title elementor-size-default\">INSPIRACI\u00d3N AUDREY<\/h2>\t\t\t\t<\/div>\n\t\t\t\t<\/div>\n\t\t\t\t<div class=\"elementor-element elementor-element-819ec33 elementor-widget__width-initial elementor-widget elementor-widget-text-editor\" data-id=\"819ec33\" data-element_type=\"widget\" data-e-type=\"widget\" data-widget_type=\"text-editor.default\">\n\t\t\t\t<div class=\"elementor-widget-container\">\n\t\t\t\t\t\t\t\t\t<p>Dise\u00f1o de Amaya Couture que se convirti\u00f3 en el gran protagonista durante el evento Fogueres en Nadal Infantil, donde Valentina T\u00e1rraga, Bellea del Foc Infantil 2025, luci\u00f3 una creaci\u00f3n exclusiva de Amaya inspirada en la elegancia atemporal del estilo \u201cAudrey\u201d. Confeccionado artesanalmente y cuidado al detalle, el vestido destac\u00f3 por su sofisticaci\u00f3n y dulzura, reflejando el valor de la moda de autor y posicion\u00e1ndose como una pieza \u00fanica que elev\u00f3 el momento a una aut\u00e9ntica expresi\u00f3n de lujo y tradici\u00f3n.<\/p>\t\t\t\t\t\t\t\t<\/div>\n\t\t\t\t<\/div>\n\t\t\t\t<\/div>\n\t\t\t\t<\/div>\n\t\t<div class=\"elementor-element elementor-element-538f2aa e-con-full e-flex e-con e-parent\" data-id=\"538f2aa\" data-element_type=\"container\" data-e-type=\"container\">\n\t\t<div class=\"elementor-element elementor-element-bd10058 e-con-full e-flex e-con e-child\" data-id=\"bd10058\" data-element_type=\"container\" data-e-type=\"container\">\n\t\t\t\t<div class=\"elementor-element elementor-element-68d6f70 elementor-widget elementor-widget-image\" data-id=\"68d6f70\" data-element_type=\"widget\" data-e-type=\"widget\" data-widget_type=\"image.default\">\n\t\t\t\t<div class=\"elementor-widget-container\">\n\t\t\t\t\t\t\t\t\t\t\t\t\t\t\t<img loading=\"lazy\" decoding=\"async\" width=\"2028\" height=\"1340\" src=\"https:\/\/amayaforkids.com\/wp-content\/uploads\/2026\/03\/SECCION_ATELIER_IMG_07.jpg\" class=\"attachment-full size-full wp-image-28298\" alt=\"\" srcset=\"https:\/\/amayaforkids.com\/wp-content\/uploads\/2026\/03\/SECCION_ATELIER_IMG_07.jpg 2028w, https:\/\/amayaforkids.com\/wp-content\/uploads\/2026\/03\/SECCION_ATELIER_IMG_07-500x330.jpg 500w, https:\/\/amayaforkids.com\/wp-content\/uploads\/2026\/03\/SECCION_ATELIER_IMG_07-1024x677.jpg 1024w, https:\/\/amayaforkids.com\/wp-content\/uploads\/2026\/03\/SECCION_ATELIER_IMG_07-768x507.jpg 768w, https:\/\/amayaforkids.com\/wp-content\/uploads\/2026\/03\/SECCION_ATELIER_IMG_07-1536x1015.jpg 1536w, https:\/\/amayaforkids.com\/wp-content\/uploads\/2026\/03\/SECCION_ATELIER_IMG_07-18x12.jpg 18w, https:\/\/amayaforkids.com\/wp-content\/uploads\/2026\/03\/SECCION_ATELIER_IMG_07-1200x793.jpg 1200w, https:\/\/amayaforkids.com\/wp-content\/uploads\/2026\/03\/SECCION_ATELIER_IMG_07-300x198.jpg 300w, https:\/\/amayaforkids.com\/wp-content\/uploads\/2026\/03\/SECCION_ATELIER_IMG_07-64x42.jpg 64w\" sizes=\"auto, (max-width: 2028px) 100vw, 2028px\" \/>\t\t\t\t\t\t\t\t\t\t\t\t\t\t\t<\/div>\n\t\t\t\t<\/div>\n\t\t\t\t<\/div>\n\t\t<div class=\"elementor-element elementor-element-cf76083 e-con-full e-flex e-con e-child\" data-id=\"cf76083\" data-element_type=\"container\" data-e-type=\"container\">\n\t\t\t\t<div class=\"elementor-element elementor-element-832aa44 elementor-widget elementor-widget-heading\" data-id=\"832aa44\" data-element_type=\"widget\" data-e-type=\"widget\" data-widget_type=\"heading.default\">\n\t\t\t\t<div class=\"elementor-widget-container\">\n\t\t\t\t\t<h2 class=\"elementor-heading-title elementor-size-default\">DEBUT MUSICAL<\/h2>\t\t\t\t<\/div>\n\t\t\t\t<\/div>\n\t\t\t\t<div class=\"elementor-element elementor-element-00679a9 elementor-widget__width-initial elementor-widget elementor-widget-text-editor\" data-id=\"00679a9\" data-element_type=\"widget\" data-e-type=\"widget\" data-widget_type=\"text-editor.default\">\n\t\t\t\t<div class=\"elementor-widget-container\">\n\t\t\t\t\t\t\t\t\t<p>Dise\u00f1o exclusivo de Amaya Couture para Cosette Siguero, protagonista de *Los Futbol\u00edsimos 2*, deslumbr\u00f3 en su debut como cantante en el Auditorio Nacional de M\u00fasica de Madrid durante el Concierto Solidario de Navidad \u201cPor un Mundo Mejor\u201d, y lo hizo con un dise\u00f1o que combinaba elegancia, sofisticaci\u00f3n y delicadeza.\u00a0<\/p>\t\t\t\t\t\t\t\t<\/div>\n\t\t\t\t<\/div>\n\t\t\t\t<\/div>\n\t\t\t\t<\/div>\n\t\t<div class=\"elementor-element elementor-element-d6b9cd3 e-con-full e-flex e-con e-parent\" data-id=\"d6b9cd3\" data-element_type=\"container\" data-e-type=\"container\">\n\t\t<div class=\"elementor-element elementor-element-e4d2524 e-con-full e-flex e-con e-child\" data-id=\"e4d2524\" data-element_type=\"container\" data-e-type=\"container\">\n\t\t\t\t<div class=\"elementor-element elementor-element-f67ddf8 elementor-widget elementor-widget-image\" data-id=\"f67ddf8\" data-element_type=\"widget\" data-e-type=\"widget\" data-widget_type=\"image.default\">\n\t\t\t\t<div class=\"elementor-widget-container\">\n\t\t\t\t\t\t\t\t\t\t\t\t\t\t\t<img loading=\"lazy\" decoding=\"async\" width=\"2028\" height=\"1340\" src=\"https:\/\/amayaforkids.com\/wp-content\/uploads\/2026\/03\/SECCION_ATELIER_IMG_06_2.jpeg\" class=\"attachment-full size-full wp-image-28299\" alt=\"\" srcset=\"https:\/\/amayaforkids.com\/wp-content\/uploads\/2026\/03\/SECCION_ATELIER_IMG_06_2.jpeg 2028w, https:\/\/amayaforkids.com\/wp-content\/uploads\/2026\/03\/SECCION_ATELIER_IMG_06_2-500x330.jpeg 500w, https:\/\/amayaforkids.com\/wp-content\/uploads\/2026\/03\/SECCION_ATELIER_IMG_06_2-1024x677.jpeg 1024w, https:\/\/amayaforkids.com\/wp-content\/uploads\/2026\/03\/SECCION_ATELIER_IMG_06_2-768x507.jpeg 768w, https:\/\/amayaforkids.com\/wp-content\/uploads\/2026\/03\/SECCION_ATELIER_IMG_06_2-1536x1015.jpeg 1536w, https:\/\/amayaforkids.com\/wp-content\/uploads\/2026\/03\/SECCION_ATELIER_IMG_06_2-18x12.jpeg 18w, https:\/\/amayaforkids.com\/wp-content\/uploads\/2026\/03\/SECCION_ATELIER_IMG_06_2-1200x793.jpeg 1200w, https:\/\/amayaforkids.com\/wp-content\/uploads\/2026\/03\/SECCION_ATELIER_IMG_06_2-300x198.jpeg 300w, https:\/\/amayaforkids.com\/wp-content\/uploads\/2026\/03\/SECCION_ATELIER_IMG_06_2-64x42.jpeg 64w\" sizes=\"auto, (max-width: 2028px) 100vw, 2028px\" \/>\t\t\t\t\t\t\t\t\t\t\t\t\t\t\t<\/div>\n\t\t\t\t<\/div>\n\t\t\t\t<\/div>\n\t\t<div class=\"elementor-element elementor-element-c26429a e-con-full e-flex e-con e-child\" data-id=\"c26429a\" data-element_type=\"container\" data-e-type=\"container\">\n\t\t\t\t<div class=\"elementor-element elementor-element-61f698a elementor-widget elementor-widget-heading\" data-id=\"61f698a\" data-element_type=\"widget\" data-e-type=\"widget\" data-widget_type=\"heading.default\">\n\t\t\t\t<div class=\"elementor-widget-container\">\n\t\t\t\t\t<h2 class=\"elementor-heading-title elementor-size-default\">ALFOMBRA ROJA COSETTE<\/h2>\t\t\t\t<\/div>\n\t\t\t\t<\/div>\n\t\t\t\t<div class=\"elementor-element elementor-element-f2f39ca elementor-widget__width-initial elementor-widget elementor-widget-text-editor\" data-id=\"f2f39ca\" data-element_type=\"widget\" data-e-type=\"widget\" data-widget_type=\"text-editor.default\">\n\t\t\t\t<div class=\"elementor-widget-container\">\n\t\t\t\t\t\t\t\t\t<p>Amaya S\u00e1nchez\u00a0 dise\u00f1\u00f3 a medida el look que Cosette luci\u00f3 en la premiere de\u00a0<em>Los Futbol\u00edsimos 2<\/em>. Cada detalle, cuidado con mimo, refleja la filosof\u00eda de la firma: transformar ideas en dise\u00f1os \u00fanicos que acompa\u00f1an momentos irrepetibles, mostrando en la alfombra roja la creatividad y elegancia de la moda infantil de lujo.<\/p>\t\t\t\t\t\t\t\t<\/div>\n\t\t\t\t<\/div>\n\t\t\t\t<\/div>\n\t\t\t\t<\/div>\n\t\t<div class=\"elementor-element elementor-element-c30b407 e-con-full e-flex e-con e-parent\" data-id=\"c30b407\" data-element_type=\"container\" data-e-type=\"container\">\n\t\t<div class=\"elementor-element elementor-element-6e358b0 e-con-full e-flex e-con e-child\" data-id=\"6e358b0\" data-element_type=\"container\" data-e-type=\"container\">\n\t\t\t\t<div class=\"elementor-element elementor-element-4332a7d elementor-widget elementor-widget-image\" data-id=\"4332a7d\" data-element_type=\"widget\" data-e-type=\"widget\" data-widget_type=\"image.default\">\n\t\t\t\t<div class=\"elementor-widget-container\">\n\t\t\t\t\t\t\t\t\t\t\t\t\t\t\t<img loading=\"lazy\" decoding=\"async\" width=\"2028\" height=\"1340\" src=\"https:\/\/amayaforkids.com\/wp-content\/uploads\/2026\/03\/SECCION_ATELIER_IMG_05.jpg\" class=\"attachment-full size-full wp-image-28296\" alt=\"\" srcset=\"https:\/\/amayaforkids.com\/wp-content\/uploads\/2026\/03\/SECCION_ATELIER_IMG_05.jpg 2028w, https:\/\/amayaforkids.com\/wp-content\/uploads\/2026\/03\/SECCION_ATELIER_IMG_05-500x330.jpg 500w, https:\/\/amayaforkids.com\/wp-content\/uploads\/2026\/03\/SECCION_ATELIER_IMG_05-1024x677.jpg 1024w, https:\/\/amayaforkids.com\/wp-content\/uploads\/2026\/03\/SECCION_ATELIER_IMG_05-768x507.jpg 768w, https:\/\/amayaforkids.com\/wp-content\/uploads\/2026\/03\/SECCION_ATELIER_IMG_05-1536x1015.jpg 1536w, https:\/\/amayaforkids.com\/wp-content\/uploads\/2026\/03\/SECCION_ATELIER_IMG_05-18x12.jpg 18w, https:\/\/amayaforkids.com\/wp-content\/uploads\/2026\/03\/SECCION_ATELIER_IMG_05-1200x793.jpg 1200w, https:\/\/amayaforkids.com\/wp-content\/uploads\/2026\/03\/SECCION_ATELIER_IMG_05-300x198.jpg 300w, https:\/\/amayaforkids.com\/wp-content\/uploads\/2026\/03\/SECCION_ATELIER_IMG_05-64x42.jpg 64w\" sizes=\"auto, (max-width: 2028px) 100vw, 2028px\" \/>\t\t\t\t\t\t\t\t\t\t\t\t\t\t\t<\/div>\n\t\t\t\t<\/div>\n\t\t\t\t<\/div>\n\t\t<div class=\"elementor-element elementor-element-9406137 e-con-full e-flex e-con e-child\" data-id=\"9406137\" data-element_type=\"container\" data-e-type=\"container\">\n\t\t\t\t<div class=\"elementor-element elementor-element-cfcb4a3 elementor-widget elementor-widget-heading\" data-id=\"cfcb4a3\" data-element_type=\"widget\" data-e-type=\"widget\" data-widget_type=\"heading.default\">\n\t\t\t\t<div class=\"elementor-widget-container\">\n\t\t\t\t\t<h2 class=\"elementor-heading-title elementor-size-default\">SANDRA VALERO VIDEOCLIP<\/h2>\t\t\t\t<\/div>\n\t\t\t\t<\/div>\n\t\t\t\t<div class=\"elementor-element elementor-element-6ff9c46 elementor-widget__width-initial elementor-widget elementor-widget-text-editor\" data-id=\"6ff9c46\" data-element_type=\"widget\" data-e-type=\"widget\" data-widget_type=\"text-editor.default\">\n\t\t\t\t<div class=\"elementor-widget-container\">\n\t\t\t\t\t\t\t\t\t<p>Amaya S\u00e1nchez, Directora Creativa de Amaya Fashion For Kids, ha dise\u00f1ado un vestido de couture para Sandra Valero, protagonista de su nuevo videoclip\u00a0<em>\u201cComo Mal\u00e9fica\u201d<\/em>. La creaci\u00f3n, con una delicada falda de ruses y detalles perlados en el escote, refleja la elegancia y el universo sofisticado de la firma.<\/p>\t\t\t\t\t\t\t\t<\/div>\n\t\t\t\t<\/div>\n\t\t\t\t<\/div>\n\t\t\t\t<\/div>\n\t\t<div class=\"elementor-element elementor-element-bd7c277 e-con-full e-flex e-con e-parent\" data-id=\"bd7c277\" data-element_type=\"container\" data-e-type=\"container\">\n\t\t<div class=\"elementor-element elementor-element-283904e e-con-full e-flex e-con e-child\" data-id=\"283904e\" data-element_type=\"container\" data-e-type=\"container\">\n\t\t\t\t<div class=\"elementor-element elementor-element-5429df8 elementor-widget elementor-widget-image\" data-id=\"5429df8\" data-element_type=\"widget\" data-e-type=\"widget\" data-widget_type=\"image.default\">\n\t\t\t\t<div class=\"elementor-widget-container\">\n\t\t\t\t\t\t\t\t\t\t\t\t\t\t\t<img loading=\"lazy\" decoding=\"async\" width=\"2028\" height=\"1340\" src=\"https:\/\/amayaforkids.com\/wp-content\/uploads\/2024\/02\/SECCION_ATELIER_IMG_01-3.jpg\" class=\"attachment-full size-full wp-image-10653\" alt=\"\" srcset=\"https:\/\/amayaforkids.com\/wp-content\/uploads\/2024\/02\/SECCION_ATELIER_IMG_01-3.jpg 2028w, https:\/\/amayaforkids.com\/wp-content\/uploads\/2024\/02\/SECCION_ATELIER_IMG_01-3-300x198.jpg 300w, https:\/\/amayaforkids.com\/wp-content\/uploads\/2024\/02\/SECCION_ATELIER_IMG_01-3-1200x793.jpg 1200w, https:\/\/amayaforkids.com\/wp-content\/uploads\/2024\/02\/SECCION_ATELIER_IMG_01-3-64x42.jpg 64w, https:\/\/amayaforkids.com\/wp-content\/uploads\/2024\/02\/SECCION_ATELIER_IMG_01-3-1024x677.jpg 1024w, https:\/\/amayaforkids.com\/wp-content\/uploads\/2024\/02\/SECCION_ATELIER_IMG_01-3-768x507.jpg 768w, https:\/\/amayaforkids.com\/wp-content\/uploads\/2024\/02\/SECCION_ATELIER_IMG_01-3-1536x1015.jpg 1536w\" sizes=\"auto, (max-width: 2028px) 100vw, 2028px\" \/>\t\t\t\t\t\t\t\t\t\t\t\t\t\t\t<\/div>\n\t\t\t\t<\/div>\n\t\t\t\t<\/div>\n\t\t<div class=\"elementor-element elementor-element-639b6c3 e-con-full e-flex e-con e-child\" data-id=\"639b6c3\" data-element_type=\"container\" data-e-type=\"container\">\n\t\t\t\t<div class=\"elementor-element elementor-element-bd42251 elementor-widget elementor-widget-heading\" data-id=\"bd42251\" data-element_type=\"widget\" data-e-type=\"widget\" data-widget_type=\"heading.default\">\n\t\t\t\t<div class=\"elementor-widget-container\">\n\t\t\t\t\t<h2 class=\"elementor-heading-title elementor-size-default\">38 EDICI\u00d3N PREMIOS GOYA<\/h2>\t\t\t\t<\/div>\n\t\t\t\t<\/div>\n\t\t\t\t<div class=\"elementor-element elementor-element-8905fca elementor-widget__width-initial elementor-widget elementor-widget-text-editor\" data-id=\"8905fca\" data-element_type=\"widget\" data-e-type=\"widget\" data-widget_type=\"text-editor.default\">\n\t\t\t\t<div class=\"elementor-widget-container\">\n\t\t\t\t\t\t\t\t\t<p>Para una ocasi\u00f3n tan especial, nuestra directora creativa, Amaya S\u00e1nchez, dise\u00f1\u00f3 para Sof\u00eda Otero un vestido moir\u00e9 en un intenso color fresa, con un elegante escote en la espalda y una generosa cola en cascada de godets, con un forro en color contrastante. Destacan los detalles de plumas en los hombros, complementados con un exclusivo casquete de plumas a juego. Dise\u00f1o exclusivo de Amaya S\u00e1nchez Couture.<\/p>\t\t\t\t\t\t\t\t<\/div>\n\t\t\t\t<\/div>\n\t\t\t\t<\/div>\n\t\t\t\t<\/div>\n\t\t<div class=\"elementor-element elementor-element-4a899e6 e-con-full e-flex e-con e-parent\" data-id=\"4a899e6\" data-element_type=\"container\" data-e-type=\"container\">\n\t\t<div class=\"elementor-element elementor-element-6628738 e-con-full e-flex e-con e-child\" data-id=\"6628738\" data-element_type=\"container\" data-e-type=\"container\">\n\t\t\t\t<div class=\"elementor-element elementor-element-e46d979 elementor-widget elementor-widget-image\" data-id=\"e46d979\" data-element_type=\"widget\" data-e-type=\"widget\" data-widget_type=\"image.default\">\n\t\t\t\t<div class=\"elementor-widget-container\">\n\t\t\t\t\t\t\t\t\t\t\t\t\t\t\t<img loading=\"lazy\" decoding=\"async\" width=\"2028\" height=\"1340\" src=\"https:\/\/amayaforkids.com\/wp-content\/uploads\/2024\/02\/SECCION_ATELIER_IMG_02-3.jpg\" class=\"attachment-full size-full wp-image-10654\" alt=\"\" srcset=\"https:\/\/amayaforkids.com\/wp-content\/uploads\/2024\/02\/SECCION_ATELIER_IMG_02-3.jpg 2028w, https:\/\/amayaforkids.com\/wp-content\/uploads\/2024\/02\/SECCION_ATELIER_IMG_02-3-300x198.jpg 300w, https:\/\/amayaforkids.com\/wp-content\/uploads\/2024\/02\/SECCION_ATELIER_IMG_02-3-1200x793.jpg 1200w, https:\/\/amayaforkids.com\/wp-content\/uploads\/2024\/02\/SECCION_ATELIER_IMG_02-3-64x42.jpg 64w, https:\/\/amayaforkids.com\/wp-content\/uploads\/2024\/02\/SECCION_ATELIER_IMG_02-3-1024x677.jpg 1024w, https:\/\/amayaforkids.com\/wp-content\/uploads\/2024\/02\/SECCION_ATELIER_IMG_02-3-768x507.jpg 768w, https:\/\/amayaforkids.com\/wp-content\/uploads\/2024\/02\/SECCION_ATELIER_IMG_02-3-1536x1015.jpg 1536w\" sizes=\"auto, (max-width: 2028px) 100vw, 2028px\" \/>\t\t\t\t\t\t\t\t\t\t\t\t\t\t\t<\/div>\n\t\t\t\t<\/div>\n\t\t\t\t<\/div>\n\t\t<div class=\"elementor-element elementor-element-c782128 e-con-full e-flex e-con e-child\" data-id=\"c782128\" data-element_type=\"container\" data-e-type=\"container\">\n\t\t\t\t<div class=\"elementor-element elementor-element-3b993a3 elementor-widget elementor-widget-heading\" data-id=\"3b993a3\" data-element_type=\"widget\" data-e-type=\"widget\" data-widget_type=\"heading.default\">\n\t\t\t\t<div class=\"elementor-widget-container\">\n\t\t\t\t\t<h2 class=\"elementor-heading-title elementor-size-default\">FEROZ AWARDS<\/h2>\t\t\t\t<\/div>\n\t\t\t\t<\/div>\n\t\t\t\t<div class=\"elementor-element elementor-element-b1f8869 elementor-widget__width-initial elementor-widget elementor-widget-text-editor\" data-id=\"b1f8869\" data-element_type=\"widget\" data-e-type=\"widget\" data-widget_type=\"text-editor.default\">\n\t\t\t\t<div class=\"elementor-widget-container\">\n\t\t\t\t\t\t\t\t\t<p>Sof\u00eda Otero nos cautiv\u00f3 con su actuaci\u00f3n y nos emocion\u00f3 compartir con ella un momento tan especial como vestirla para los Premios Feroz. Para la ocasi\u00f3n, Sof\u00eda luci\u00f3 un vestido asim\u00e9trico con volantes de voile en el hombro, en un delicado jacquard estampado, de nuestra l\u00ednea Amaya Sanchez Couture. Adem\u00e1s, nuestra directora creativa dise\u00f1\u00f3 exclusivamente para ella una capa de crep\u00e9 verde lima con silueta abullonada, que deslumbr\u00f3 en la gala.<\/p>\t\t\t\t\t\t\t\t<\/div>\n\t\t\t\t<\/div>\n\t\t\t\t<\/div>\n\t\t\t\t<\/div>\n\t\t<div class=\"elementor-element elementor-element-afdd240 e-con-full e-flex e-con e-parent\" data-id=\"afdd240\" data-element_type=\"container\" data-e-type=\"container\">\n\t\t<div class=\"elementor-element elementor-element-03cf03e e-con-full e-flex e-con e-child\" data-id=\"03cf03e\" data-element_type=\"container\" data-e-type=\"container\">\n\t\t\t\t<div class=\"elementor-element elementor-element-635c539 elementor-widget elementor-widget-image\" data-id=\"635c539\" data-element_type=\"widget\" data-e-type=\"widget\" data-widget_type=\"image.default\">\n\t\t\t\t<div class=\"elementor-widget-container\">\n\t\t\t\t\t\t\t\t\t\t\t\t\t\t\t<img loading=\"lazy\" decoding=\"async\" width=\"2028\" height=\"1340\" src=\"https:\/\/amayaforkids.com\/wp-content\/uploads\/2024\/02\/SECCION_ATELIER_IMG_03-2.jpg\" class=\"attachment-full size-full wp-image-10655\" alt=\"\" srcset=\"https:\/\/amayaforkids.com\/wp-content\/uploads\/2024\/02\/SECCION_ATELIER_IMG_03-2.jpg 2028w, https:\/\/amayaforkids.com\/wp-content\/uploads\/2024\/02\/SECCION_ATELIER_IMG_03-2-300x198.jpg 300w, https:\/\/amayaforkids.com\/wp-content\/uploads\/2024\/02\/SECCION_ATELIER_IMG_03-2-1200x793.jpg 1200w, https:\/\/amayaforkids.com\/wp-content\/uploads\/2024\/02\/SECCION_ATELIER_IMG_03-2-64x42.jpg 64w, https:\/\/amayaforkids.com\/wp-content\/uploads\/2024\/02\/SECCION_ATELIER_IMG_03-2-1024x677.jpg 1024w, https:\/\/amayaforkids.com\/wp-content\/uploads\/2024\/02\/SECCION_ATELIER_IMG_03-2-768x507.jpg 768w, https:\/\/amayaforkids.com\/wp-content\/uploads\/2024\/02\/SECCION_ATELIER_IMG_03-2-1536x1015.jpg 1536w\" sizes=\"auto, (max-width: 2028px) 100vw, 2028px\" \/>\t\t\t\t\t\t\t\t\t\t\t\t\t\t\t<\/div>\n\t\t\t\t<\/div>\n\t\t\t\t<\/div>\n\t\t<div class=\"elementor-element elementor-element-92678be e-con-full e-flex e-con e-child\" data-id=\"92678be\" data-element_type=\"container\" data-e-type=\"container\">\n\t\t\t\t<div class=\"elementor-element elementor-element-d69f190 elementor-widget elementor-widget-heading\" data-id=\"d69f190\" data-element_type=\"widget\" data-e-type=\"widget\" data-widget_type=\"heading.default\">\n\t\t\t\t<div class=\"elementor-widget-container\">\n\t\t\t\t\t<h2 class=\"elementor-heading-title elementor-size-default\"><span style=\"font-size: 26px\">CRAFTSMANSHIP<\/span><\/h2>\t\t\t\t<\/div>\n\t\t\t\t<\/div>\n\t\t\t\t<div class=\"elementor-element elementor-element-b5f2a88 elementor-widget__width-initial elementor-widget elementor-widget-text-editor\" data-id=\"b5f2a88\" data-element_type=\"widget\" data-e-type=\"widget\" data-widget_type=\"text-editor.default\">\n\t\t\t\t<div class=\"elementor-widget-container\">\n\t\t\t\t\t\t\t\t\t<p>La producci\u00f3n a kil\u00f3metro cero, con un exhaustivo control de calidad, es una realidad palpable en el mundo empresarial de Amaya. La fabricaci\u00f3n en la provincia de Alicante, con talleres cercanos, y en el resto de Espa\u00f1a, ha sido la t\u00f3nica de la compa\u00f1\u00eda desde sus inicios hasta la actualidad.<\/p>\t\t\t\t\t\t\t\t<\/div>\n\t\t\t\t<\/div>\n\t\t\t\t<\/div>\n\t\t\t\t<\/div>\n\t\t<div class=\"elementor-element elementor-element-ef8c6ce e-con-full e-flex e-con e-parent\" data-id=\"ef8c6ce\" data-element_type=\"container\" data-e-type=\"container\">\n\t\t\t\t<div class=\"elementor-element elementor-element-24e9343 elementor-widget elementor-widget-breadcrumbs\" data-id=\"24e9343\" data-element_type=\"widget\" data-e-type=\"widget\" data-widget_type=\"breadcrumbs.default\">\n\t\t\t\t<div class=\"elementor-widget-container\">\n\t\t\t\t\t<nav aria-label=\"breadcrumbs\" class=\"rank-math-breadcrumb\"><p><span class=\"last\">Amaya Fashion For Kids<\/span><\/p><\/nav>\t\t\t\t<\/div>\n\t\t\t\t<\/div>\n\t\t\t\t<\/div>\n\t\t\t\t<\/div>","protected":false},"excerpt":{"rendered":"<p>Atelier 40 EDICI\u00d3N PREMIOS GOYA El modelo Tulipa representa la m\u00e1xima expresi\u00f3n de la Alta Costura de Amaya S\u00e1nchez, una creaci\u00f3n exclusiva de Amaya Couture dise\u00f1ada para Sof\u00eda Otero con motivo de la 40 Edici\u00f3n de los Premios Goya. Concebido a trav\u00e9s de un meticuloso proceso creativo, este dise\u00f1o pone en valor la excelencia del [&hellip;]<\/p>\n","protected":false},"author":2,"featured_media":0,"parent":0,"menu_order":0,"comment_status":"closed","ping_status":"closed","template":"elementor_header_footer","meta":{"_acf_changed":false,"site-sidebar-layout":"no-sidebar","site-content-layout":"page-builder","ast-site-content-layout":"full-width-container","site-content-style":"unboxed","site-sidebar-style":"unboxed","ast-global-header-display":"","ast-banner-title-visibility":"","ast-main-header-display":"","ast-hfb-above-header-display":"","ast-hfb-below-header-display":"","ast-hfb-mobile-header-display":"","site-post-title":"disabled","ast-breadcrumbs-content":"","ast-featured-img":"disabled","footer-sml-layout":"","ast-disable-related-posts":"","theme-transparent-header-meta":"","adv-header-id-meta":"","stick-header-meta":"","header-above-stick-meta":"","header-main-stick-meta":"","header-below-stick-meta":"","astra-migrate-meta-layouts":"set","ast-page-background-enabled":"default","ast-page-background-meta":{"desktop":{"background-color":"var(--ast-global-color-4)","background-image":"","background-repeat":"repeat","background-position":"center center","background-size":"auto","background-attachment":"scroll","background-type":"","background-media":"","overlay-type":"","overlay-color":"","overlay-opacity":"","overlay-gradient":""},"tablet":{"background-color":"","background-image":"","background-repeat":"repeat","background-position":"center center","background-size":"auto","background-attachment":"scroll","background-type":"","background-media":"","overlay-type":"","overlay-color":"","overlay-opacity":"","overlay-gradient":""},"mobile":{"background-color":"","background-image":"","background-repeat":"repeat","background-position":"center center","background-size":"auto","background-attachment":"scroll","background-type":"","background-media":"","overlay-type":"","overlay-color":"","overlay-opacity":"","overlay-gradient":""}},"ast-content-background-meta":{"desktop":{"background-color":"var(--ast-global-color-5)","background-image":"","background-repeat":"repeat","background-position":"center center","background-size":"auto","background-attachment":"scroll","background-type":"","background-media":"","overlay-type":"","overlay-color":"","overlay-opacity":"","overlay-gradient":""},"tablet":{"background-color":"var(--ast-global-color-5)","background-image":"","background-repeat":"repeat","background-position":"center center","background-size":"auto","background-attachment":"scroll","background-type":"","background-media":"","overlay-type":"","overlay-color":"","overlay-opacity":"","overlay-gradient":""},"mobile":{"background-color":"var(--ast-global-color-5)","background-image":"","background-repeat":"repeat","background-position":"center center","background-size":"auto","background-attachment":"scroll","background-type":"","background-media":"","overlay-type":"","overlay-color":"","overlay-opacity":"","overlay-gradient":""}},"footnotes":""},"class_list":["post-14226","page","type-page","status-publish","hentry"],"acf":[],"_links":{"self":[{"href":"https:\/\/amayaforkids.com\/en\/wp-json\/wp\/v2\/pages\/14226","targetHints":{"allow":["GET"]}}],"collection":[{"href":"https:\/\/amayaforkids.com\/en\/wp-json\/wp\/v2\/pages"}],"about":[{"href":"https:\/\/amayaforkids.com\/en\/wp-json\/wp\/v2\/types\/page"}],"author":[{"embeddable":true,"href":"https:\/\/amayaforkids.com\/en\/wp-json\/wp\/v2\/users\/2"}],"replies":[{"embeddable":true,"href":"https:\/\/amayaforkids.com\/en\/wp-json\/wp\/v2\/comments?post=14226"}],"version-history":[{"count":9,"href":"https:\/\/amayaforkids.com\/en\/wp-json\/wp\/v2\/pages\/14226\/revisions"}],"predecessor-version":[{"id":28305,"href":"https:\/\/amayaforkids.com\/en\/wp-json\/wp\/v2\/pages\/14226\/revisions\/28305"}],"wp:attachment":[{"href":"https:\/\/amayaforkids.com\/en\/wp-json\/wp\/v2\/media?parent=14226"}],"curies":[{"name":"wp","href":"https:\/\/api.w.org\/{rel}","templated":true}]}}